{"id":17882,"date":"2019-05-23T06:47:53","date_gmt":"2019-05-23T06:47:53","guid":{"rendered":"http:\/\/copae.thinkaweb.com\/?page_id=17882"},"modified":"2024-10-25T11:13:27","modified_gmt":"2024-10-25T11:13:27","slug":"multimedia","status":"publish","type":"page","link":"https:\/\/www.copaeastur.org\/es\/multimedia\/","title":{"rendered":"Multimedia"},"content":{"rendered":"<p>[vc_row][vc_column][vc_empty_space height=\u00bb70px\u00bb][\/vc_column][\/vc_row][vc_row][vc_column width=\u00bb5\/6&#8243;][vc_column_text]<\/p>\n<h3>Historias Eco-rurales<\/h3>\n<p>&nbsp;<\/p>\n<p>Detr\u00e1s de cada producto ecol\u00f3gico certificado hay una historia que contar. El esfuerzo de cada una de las personas que las componen es lo que hace posible un modelo agroalimentario diferente, m\u00e1s sostenible, m\u00e1s saludable y m\u00e1s \u00e9tico.[\/vc_column_text][vc_empty_space height=\u00bb70px\u00bb]<div class=\"edgtf-blog-slider-outer\"><div class=\"edgtf-blog-slider edgtf-slick-slider-navigation-style edgtf-blog-slider-type-carousel\" data-type=\"carousel\"><div class=\"edgtf-blog-carousel-item\">\n\t\t\t<div class=\"edgtf-blog-slide-image\">\n\t\t\t\t<a href=\"https:\/\/www.copaeastur.org\/es\/copae-publica-un-cortometraje-documental-sobre-la-red-de-huertos-escolares-ecologicos-caja-rural-de-asturias-con-toni-jardon-como-presentador\/\">\n\t\t\t\t\t<img width=\"2560\" height=\"1707\" src=\"https:\/\/www.copaeastur.org\/wp-content\/uploads\/2025\/12\/PRESENTACION-CORTO-HUERTOS051-scaled.jpg\" class=\"attachment-full size-full wp-post-image\" alt=\"\" decoding=\"async\" loading=\"lazy\" srcset=\"https:\/\/www.copaeastur.org\/wp-content\/uploads\/2025\/12\/PRESENTACION-CORTO-HUERTOS051-scaled.jpg 2560w, https:\/\/www.copaeastur.org\/wp-content\/uploads\/2025\/12\/PRESENTACION-CORTO-HUERTOS051-300x200.jpg 300w, https:\/\/www.copaeastur.org\/wp-content\/uploads\/2025\/12\/PRESENTACION-CORTO-HUERTOS051-1024x683.jpg 1024w, https:\/\/www.copaeastur.org\/wp-content\/uploads\/2025\/12\/PRESENTACION-CORTO-HUERTOS051-768x512.jpg 768w, https:\/\/www.copaeastur.org\/wp-content\/uploads\/2025\/12\/PRESENTACION-CORTO-HUERTOS051-1536x1024.jpg 1536w\" sizes=\"(max-width: 2560px) 100vw, 2560px\" \/>\t\t\t\t<\/a>\n\t\t<\/div>\n\t\t<div class=\"edgtf-blog-slide-info-holder\" >\n\t\t<h3 class=\"edgtf-blog-slide-title\">\n\t\t\t<a href=\"https:\/\/www.copaeastur.org\/es\/copae-publica-un-cortometraje-documental-sobre-la-red-de-huertos-escolares-ecologicos-caja-rural-de-asturias-con-toni-jardon-como-presentador\/\">\n\t\t\t\tCOPAE publica un cortometraje documental sobre la Red de Huertos Escolares ecol\u00f3gicos Caja Rural de Asturias con Toni Jard\u00f3n como presentador\t\t\t<\/a>\n\t\t<\/h3>\n\t\t<div class=\"edgtf-blog-slide-post-info\">\n\t\t\t<div class=\"edgtf-post-info-author\">por\t<a itemprop=\"author\" class=\"edgtf-post-info-author-link\" href=\"https:\/\/www.copaeastur.org\/es\/author\/admincopae2019\/\">\n\t\tCOPAE\t<\/a>\n<\/div><div class=\"edgtf-post-info-category\">\n\t<a href=\"https:\/\/www.copaeastur.org\/es\/category\/actualidad\/\" rel=\"category tag\">Actualidad<\/a>, <a href=\"https:\/\/www.copaeastur.org\/es\/category\/historias-eco-rurales\/\" rel=\"category tag\">Historias Eco-rurales<\/a><\/div><div itemprop=\"dateCreated\" class=\"edgtf-post-info-date entry-date updated\">\n\t\t\t18 Diciembre , 2025\t    <meta itemprop=\"interactionCount\" content=\"UserComments: 0\"\/>\n<\/div>\t\t<\/div>\n\t\t\t\t\t<p class=\"edgtf-blog-slide-excerpt\">[vc_row][vc_column][vc_column_text]El Consejo de la Producci\u00f3n Agraria Ecol\u00f3gica del Principado de Asturias ...<\/p>\n\t\t\t<\/div>\n<\/div><div class=\"edgtf-blog-carousel-item\">\n\t\t\t<div class=\"edgtf-blog-slide-image\">\n\t\t\t\t<a href=\"https:\/\/www.copaeastur.org\/es\/ganaderia-ecologica-post\/\">\n\t\t\t\t\t<img width=\"902\" height=\"491\" src=\"https:\/\/www.copaeastur.org\/wp-content\/uploads\/2024\/10\/Ganaderia-ecologica-en-Asturias.png\" class=\"attachment-full size-full wp-post-image\" alt=\"\" decoding=\"async\" loading=\"lazy\" srcset=\"https:\/\/www.copaeastur.org\/wp-content\/uploads\/2024\/10\/Ganaderia-ecologica-en-Asturias.png 902w, https:\/\/www.copaeastur.org\/wp-content\/uploads\/2024\/10\/Ganaderia-ecologica-en-Asturias-300x163.png 300w, https:\/\/www.copaeastur.org\/wp-content\/uploads\/2024\/10\/Ganaderia-ecologica-en-Asturias-768x418.png 768w\" sizes=\"(max-width: 902px) 100vw, 902px\" \/>\t\t\t\t<\/a>\n\t\t<\/div>\n\t\t<div class=\"edgtf-blog-slide-info-holder\" >\n\t\t<h3 class=\"edgtf-blog-slide-title\">\n\t\t\t<a href=\"https:\/\/www.copaeastur.org\/es\/ganaderia-ecologica-post\/\">\n\t\t\t\tGanader\u00eda ecol\u00f3gica\t\t\t<\/a>\n\t\t<\/h3>\n\t\t<div class=\"edgtf-blog-slide-post-info\">\n\t\t\t<div class=\"edgtf-post-info-author\">por\t<a itemprop=\"author\" class=\"edgtf-post-info-author-link\" href=\"https:\/\/www.copaeastur.org\/es\/author\/admincopae2019\/\">\n\t\tCOPAE\t<\/a>\n<\/div><div class=\"edgtf-post-info-category\">\n\t<a href=\"https:\/\/www.copaeastur.org\/es\/category\/actualidad\/\" rel=\"category tag\">Actualidad<\/a>, <a href=\"https:\/\/www.copaeastur.org\/es\/category\/historias-eco-rurales\/\" rel=\"category tag\">Historias Eco-rurales<\/a><\/div><div itemprop=\"dateCreated\" class=\"edgtf-post-info-date entry-date updated\">\n\t\t\t3 octubre, 2024\t    <meta itemprop=\"interactionCount\" content=\"UserComments: 0\"\/>\n<\/div>\t\t<\/div>\n\t\t\t\t\t<p class=\"edgtf-blog-slide-excerpt\">La familia Garc\u00eda gestiona una ganader\u00eda de producci\u00f3n de leche con un sistema de producci\u00f3n ecol\u00f3gico qu...<\/p>\n\t\t\t<\/div>\n<\/div><div class=\"edgtf-blog-carousel-item\">\n\t\t\t<div class=\"edgtf-blog-slide-image\">\n\t\t\t\t<a href=\"https:\/\/www.copaeastur.org\/es\/una-huerta-de-biodiversidad\/\">\n\t\t\t\t\t<img width=\"1892\" height=\"1056\" src=\"https:\/\/www.copaeastur.org\/wp-content\/uploads\/2024\/09\/La-fuelga-eco.png\" class=\"attachment-full size-full wp-post-image\" alt=\"\" decoding=\"async\" loading=\"lazy\" srcset=\"https:\/\/www.copaeastur.org\/wp-content\/uploads\/2024\/09\/La-fuelga-eco.png 1892w, https:\/\/www.copaeastur.org\/wp-content\/uploads\/2024\/09\/La-fuelga-eco-300x167.png 300w, https:\/\/www.copaeastur.org\/wp-content\/uploads\/2024\/09\/La-fuelga-eco-1024x572.png 1024w, https:\/\/www.copaeastur.org\/wp-content\/uploads\/2024\/09\/La-fuelga-eco-768x429.png 768w, https:\/\/www.copaeastur.org\/wp-content\/uploads\/2024\/09\/La-fuelga-eco-1536x857.png 1536w\" sizes=\"(max-width: 1892px) 100vw, 1892px\" \/>\t\t\t\t<\/a>\n\t\t<\/div>\n\t\t<div class=\"edgtf-blog-slide-info-holder\" >\n\t\t<h3 class=\"edgtf-blog-slide-title\">\n\t\t\t<a href=\"https:\/\/www.copaeastur.org\/es\/una-huerta-de-biodiversidad\/\">\n\t\t\t\tUna huerta de Biodiversidad\t\t\t<\/a>\n\t\t<\/h3>\n\t\t<div class=\"edgtf-blog-slide-post-info\">\n\t\t\t<div class=\"edgtf-post-info-author\">por\t<a itemprop=\"author\" class=\"edgtf-post-info-author-link\" href=\"https:\/\/www.copaeastur.org\/es\/author\/admincopae2019\/\">\n\t\tCOPAE\t<\/a>\n<\/div><div class=\"edgtf-post-info-category\">\n\t<a href=\"https:\/\/www.copaeastur.org\/es\/category\/historias-eco-rurales\/\" rel=\"category tag\">Historias Eco-rurales<\/a><\/div><div itemprop=\"dateCreated\" class=\"edgtf-post-info-date entry-date updated\">\n\t\t\t18 septiembre, 2024\t    <meta itemprop=\"interactionCount\" content=\"UserComments: 0\"\/>\n<\/div>\t\t<\/div>\n\t\t\t\t\t<p class=\"edgtf-blog-slide-excerpt\">C\u00e9sar, productor ecol\u00f3gico por convicci\u00f3n, es el \u00fanico encargado de La fuelga Eco, un ejemplo de explotaci...<\/p>\n\t\t\t<\/div>\n<\/div><div class=\"edgtf-blog-carousel-item\">\n\t\t\t<div class=\"edgtf-blog-slide-image\">\n\t\t\t\t<a href=\"https:\/\/www.copaeastur.org\/es\/ecologico-mas-que-un-sello\/\">\n\t\t\t\t\t<img width=\"1918\" height=\"1035\" src=\"https:\/\/www.copaeastur.org\/wp-content\/uploads\/2024\/04\/Reportaje-de-la-produccion-ecologica-de-Asturias.png\" class=\"attachment-full size-full wp-post-image\" alt=\"\" decoding=\"async\" loading=\"lazy\" srcset=\"https:\/\/www.copaeastur.org\/wp-content\/uploads\/2024\/04\/Reportaje-de-la-produccion-ecologica-de-Asturias.png 1918w, https:\/\/www.copaeastur.org\/wp-content\/uploads\/2024\/04\/Reportaje-de-la-produccion-ecologica-de-Asturias-300x162.png 300w, https:\/\/www.copaeastur.org\/wp-content\/uploads\/2024\/04\/Reportaje-de-la-produccion-ecologica-de-Asturias-1024x553.png 1024w, https:\/\/www.copaeastur.org\/wp-content\/uploads\/2024\/04\/Reportaje-de-la-produccion-ecologica-de-Asturias-768x414.png 768w, https:\/\/www.copaeastur.org\/wp-content\/uploads\/2024\/04\/Reportaje-de-la-produccion-ecologica-de-Asturias-1536x829.png 1536w\" sizes=\"(max-width: 1918px) 100vw, 1918px\" \/>\t\t\t\t<\/a>\n\t\t<\/div>\n\t\t<div class=\"edgtf-blog-slide-info-holder\" >\n\t\t<h3 class=\"edgtf-blog-slide-title\">\n\t\t\t<a href=\"https:\/\/www.copaeastur.org\/es\/ecologico-mas-que-un-sello\/\">\n\t\t\t\tEcol\u00f3gico&#8230; m\u00e1s que un sello\t\t\t<\/a>\n\t\t<\/h3>\n\t\t<div class=\"edgtf-blog-slide-post-info\">\n\t\t\t<div class=\"edgtf-post-info-author\">por\t<a itemprop=\"author\" class=\"edgtf-post-info-author-link\" href=\"https:\/\/www.copaeastur.org\/es\/author\/admincopae2019\/\">\n\t\tCOPAE\t<\/a>\n<\/div><div class=\"edgtf-post-info-category\">\n\t<a href=\"https:\/\/www.copaeastur.org\/es\/category\/historias-eco-rurales\/\" rel=\"category tag\">Historias Eco-rurales<\/a><\/div><div itemprop=\"dateCreated\" class=\"edgtf-post-info-date entry-date updated\">\n\t\t\t30 abril, 2024\t    <meta itemprop=\"interactionCount\" content=\"UserComments: 0\"\/>\n<\/div>\t\t<\/div>\n\t\t\t\t\t<p class=\"edgtf-blog-slide-excerpt\">El programa de Asturias Semanal de la Televisi\u00f3n P\u00fablica Asturiana (TPA) ha hecho un profundo reportaje sobr...<\/p>\n\t\t\t<\/div>\n<\/div><div class=\"edgtf-blog-carousel-item\">\n\t\t\t<div class=\"edgtf-blog-slide-image\">\n\t\t\t\t<a href=\"https:\/\/www.copaeastur.org\/es\/arandano-ecologico-en-asturias\/\">\n\t\t\t\t\t<img width=\"1917\" height=\"1080\" src=\"https:\/\/www.copaeastur.org\/wp-content\/uploads\/2023\/05\/Yo_Soy_Rural_Silvia.png\" class=\"attachment-full size-full wp-post-image\" alt=\"\" decoding=\"async\" loading=\"lazy\" srcset=\"https:\/\/www.copaeastur.org\/wp-content\/uploads\/2023\/05\/Yo_Soy_Rural_Silvia.png 1917w, https:\/\/www.copaeastur.org\/wp-content\/uploads\/2023\/05\/Yo_Soy_Rural_Silvia-300x169.png 300w, https:\/\/www.copaeastur.org\/wp-content\/uploads\/2023\/05\/Yo_Soy_Rural_Silvia-1024x577.png 1024w, https:\/\/www.copaeastur.org\/wp-content\/uploads\/2023\/05\/Yo_Soy_Rural_Silvia-768x433.png 768w, https:\/\/www.copaeastur.org\/wp-content\/uploads\/2023\/05\/Yo_Soy_Rural_Silvia-1536x865.png 1536w\" sizes=\"(max-width: 1917px) 100vw, 1917px\" \/>\t\t\t\t<\/a>\n\t\t<\/div>\n\t\t<div class=\"edgtf-blog-slide-info-holder\" >\n\t\t<h3 class=\"edgtf-blog-slide-title\">\n\t\t\t<a href=\"https:\/\/www.copaeastur.org\/es\/arandano-ecologico-en-asturias\/\">\n\t\t\t\tAr\u00e1ndano ecol\u00f3gico en Asturias\t\t\t<\/a>\n\t\t<\/h3>\n\t\t<div class=\"edgtf-blog-slide-post-info\">\n\t\t\t<div class=\"edgtf-post-info-author\">por\t<a itemprop=\"author\" class=\"edgtf-post-info-author-link\" href=\"https:\/\/www.copaeastur.org\/es\/author\/admincopae2019\/\">\n\t\tCOPAE\t<\/a>\n<\/div><div class=\"edgtf-post-info-category\">\n\t<a href=\"https:\/\/www.copaeastur.org\/es\/category\/historias-eco-rurales\/\" rel=\"category tag\">Historias Eco-rurales<\/a><\/div><div itemprop=\"dateCreated\" class=\"edgtf-post-info-date entry-date updated\">\n\t\t\t12 mayo, 2023\t    <meta itemprop=\"interactionCount\" content=\"UserComments: 0\"\/>\n<\/div>\t\t<\/div>\n\t\t\t\t\t<p class=\"edgtf-blog-slide-excerpt\">Se acerca la temporada del ar\u00e1ndano ecol\u00f3gico, un fruto que ofrece un sabor y cualidades incre\u00edbles y que e...<\/p>\n\t\t\t<\/div>\n<\/div><div class=\"edgtf-blog-carousel-item\">\n\t\t\t<div class=\"edgtf-blog-slide-image\">\n\t\t\t\t<a href=\"https:\/\/www.copaeastur.org\/es\/mujeres-del-sector-ecologico-asturiano\/\">\n\t\t\t\t\t<img width=\"1200\" height=\"628\" src=\"https:\/\/www.copaeastur.org\/wp-content\/uploads\/2023\/03\/Proyecto-nuevo-7.jpg\" class=\"attachment-full size-full wp-post-image\" alt=\"\" decoding=\"async\" loading=\"lazy\" srcset=\"https:\/\/www.copaeastur.org\/wp-content\/uploads\/2023\/03\/Proyecto-nuevo-7.jpg 1200w, https:\/\/www.copaeastur.org\/wp-content\/uploads\/2023\/03\/Proyecto-nuevo-7-300x157.jpg 300w, https:\/\/www.copaeastur.org\/wp-content\/uploads\/2023\/03\/Proyecto-nuevo-7-1024x536.jpg 1024w, https:\/\/www.copaeastur.org\/wp-content\/uploads\/2023\/03\/Proyecto-nuevo-7-768x402.jpg 768w\" sizes=\"(max-width: 1200px) 100vw, 1200px\" \/>\t\t\t\t<\/a>\n\t\t<\/div>\n\t\t<div class=\"edgtf-blog-slide-info-holder\" >\n\t\t<h3 class=\"edgtf-blog-slide-title\">\n\t\t\t<a href=\"https:\/\/www.copaeastur.org\/es\/mujeres-del-sector-ecologico-asturiano\/\">\n\t\t\t\tMUJERES DEL SECTOR ECOL\u00d3GICO ASTURIANO\t\t\t<\/a>\n\t\t<\/h3>\n\t\t<div class=\"edgtf-blog-slide-post-info\">\n\t\t\t<div class=\"edgtf-post-info-author\">por\t<a itemprop=\"author\" class=\"edgtf-post-info-author-link\" href=\"https:\/\/www.copaeastur.org\/es\/author\/admincopae2019\/\">\n\t\tCOPAE\t<\/a>\n<\/div><div class=\"edgtf-post-info-category\">\n\t<a href=\"https:\/\/www.copaeastur.org\/es\/category\/historias-eco-rurales\/\" rel=\"category tag\">Historias Eco-rurales<\/a><\/div><div itemprop=\"dateCreated\" class=\"edgtf-post-info-date entry-date updated\">\n\t\t\t17 marzo, 2023\t    <meta itemprop=\"interactionCount\" content=\"UserComments: 0\"\/>\n<\/div>\t\t<\/div>\n\t\t\t\t\t<p class=\"edgtf-blog-slide-excerpt\">El sector ecol\u00f3gico asturiano es en muchas ocasiones un ejemplo para todo el mundo gracias a las condiciones ...<\/p>\n\t\t\t<\/div>\n<\/div><div class=\"edgtf-blog-carousel-item\">\n\t\t\t<div class=\"edgtf-blog-slide-image\">\n\t\t\t\t<a href=\"https:\/\/www.copaeastur.org\/es\/el-sector-ecologico-crece-aunque-a-un-ritmo-lento\/\">\n\t\t\t\t\t<img width=\"902\" height=\"470\" src=\"https:\/\/www.copaeastur.org\/wp-content\/uploads\/2023\/03\/Captura-de-pantalla-2023-03-08-110708.png\" class=\"attachment-full size-full wp-post-image\" alt=\"\" decoding=\"async\" loading=\"lazy\" srcset=\"https:\/\/www.copaeastur.org\/wp-content\/uploads\/2023\/03\/Captura-de-pantalla-2023-03-08-110708.png 902w, https:\/\/www.copaeastur.org\/wp-content\/uploads\/2023\/03\/Captura-de-pantalla-2023-03-08-110708-300x156.png 300w, https:\/\/www.copaeastur.org\/wp-content\/uploads\/2023\/03\/Captura-de-pantalla-2023-03-08-110708-768x400.png 768w\" sizes=\"(max-width: 902px) 100vw, 902px\" \/>\t\t\t\t<\/a>\n\t\t<\/div>\n\t\t<div class=\"edgtf-blog-slide-info-holder\" >\n\t\t<h3 class=\"edgtf-blog-slide-title\">\n\t\t\t<a href=\"https:\/\/www.copaeastur.org\/es\/el-sector-ecologico-crece-aunque-a-un-ritmo-lento\/\">\n\t\t\t\tEl sector ecol\u00f3gico crece, aunque a un ritmo lento\t\t\t<\/a>\n\t\t<\/h3>\n\t\t<div class=\"edgtf-blog-slide-post-info\">\n\t\t\t<div class=\"edgtf-post-info-author\">por\t<a itemprop=\"author\" class=\"edgtf-post-info-author-link\" href=\"https:\/\/www.copaeastur.org\/es\/author\/admincopae2019\/\">\n\t\tCOPAE\t<\/a>\n<\/div><div class=\"edgtf-post-info-category\">\n\t<a href=\"https:\/\/www.copaeastur.org\/es\/category\/actualidad\/\" rel=\"category tag\">Actualidad<\/a>, <a href=\"https:\/\/www.copaeastur.org\/es\/category\/historias-eco-rurales\/\" rel=\"category tag\">Historias Eco-rurales<\/a><\/div><div itemprop=\"dateCreated\" class=\"edgtf-post-info-date entry-date updated\">\n\t\t\t8 marzo, 2023\t    <meta itemprop=\"interactionCount\" content=\"UserComments: 0\"\/>\n<\/div>\t\t<\/div>\n\t\t\t\t\t<p class=\"edgtf-blog-slide-excerpt\">[vc_row][vc_column][vc_column_text]Los datos del COPAE, facilitados a la prensa, revelan que nuestro sector si...<\/p>\n\t\t\t<\/div>\n<\/div><div class=\"edgtf-blog-carousel-item\">\n\t\t\t<div class=\"edgtf-blog-slide-image\">\n\t\t\t\t<a href=\"https:\/\/www.copaeastur.org\/es\/kiwi-en-conversion-a-ecologico\/\">\n\t\t\t\t\t<img width=\"727\" height=\"405\" src=\"https:\/\/www.copaeastur.org\/wp-content\/uploads\/2023\/02\/Kiwi_Ecologico_Yo_Soy_Rural_TPA.png\" class=\"attachment-full size-full wp-post-image\" alt=\"\" decoding=\"async\" loading=\"lazy\" srcset=\"https:\/\/www.copaeastur.org\/wp-content\/uploads\/2023\/02\/Kiwi_Ecologico_Yo_Soy_Rural_TPA.png 727w, https:\/\/www.copaeastur.org\/wp-content\/uploads\/2023\/02\/Kiwi_Ecologico_Yo_Soy_Rural_TPA-300x167.png 300w\" sizes=\"(max-width: 727px) 100vw, 727px\" \/>\t\t\t\t<\/a>\n\t\t<\/div>\n\t\t<div class=\"edgtf-blog-slide-info-holder\" >\n\t\t<h3 class=\"edgtf-blog-slide-title\">\n\t\t\t<a href=\"https:\/\/www.copaeastur.org\/es\/kiwi-en-conversion-a-ecologico\/\">\n\t\t\t\tKiwi en conversi\u00f3n a ecol\u00f3gico\t\t\t<\/a>\n\t\t<\/h3>\n\t\t<div class=\"edgtf-blog-slide-post-info\">\n\t\t\t<div class=\"edgtf-post-info-author\">por\t<a itemprop=\"author\" class=\"edgtf-post-info-author-link\" href=\"https:\/\/www.copaeastur.org\/es\/author\/admincopae2019\/\">\n\t\tCOPAE\t<\/a>\n<\/div><div class=\"edgtf-post-info-category\">\n\t<a href=\"https:\/\/www.copaeastur.org\/es\/category\/historias-eco-rurales\/\" rel=\"category tag\">Historias Eco-rurales<\/a><\/div><div itemprop=\"dateCreated\" class=\"edgtf-post-info-date entry-date updated\">\n\t\t\t21 febrero, 2023\t    <meta itemprop=\"interactionCount\" content=\"UserComments: 0\"\/>\n<\/div>\t\t<\/div>\n\t\t\t\t\t<p class=\"edgtf-blog-slide-excerpt\">La producci\u00f3n ecol\u00f3gica siempre ha sido ejemplo del fomento de peque\u00f1os proyectos agroalimentarios que ayud...<\/p>\n\t\t\t<\/div>\n<\/div><div class=\"edgtf-blog-carousel-item\">\n\t\t\t<div class=\"edgtf-blog-slide-image\">\n\t\t\t\t<a href=\"https:\/\/www.copaeastur.org\/es\/leche-ecologica\/\">\n\t\t\t\t\t<img width=\"900\" height=\"506\" src=\"https:\/\/www.copaeastur.org\/wp-content\/uploads\/2023\/02\/Reportaje-sobre-la-leche-ecologica-asturiana-de-la-TPA.png\" class=\"attachment-full size-full wp-post-image\" alt=\"\" decoding=\"async\" loading=\"lazy\" srcset=\"https:\/\/www.copaeastur.org\/wp-content\/uploads\/2023\/02\/Reportaje-sobre-la-leche-ecologica-asturiana-de-la-TPA.png 900w, https:\/\/www.copaeastur.org\/wp-content\/uploads\/2023\/02\/Reportaje-sobre-la-leche-ecologica-asturiana-de-la-TPA-300x169.png 300w, https:\/\/www.copaeastur.org\/wp-content\/uploads\/2023\/02\/Reportaje-sobre-la-leche-ecologica-asturiana-de-la-TPA-768x432.png 768w\" sizes=\"(max-width: 900px) 100vw, 900px\" \/>\t\t\t\t<\/a>\n\t\t<\/div>\n\t\t<div class=\"edgtf-blog-slide-info-holder\" >\n\t\t<h3 class=\"edgtf-blog-slide-title\">\n\t\t\t<a href=\"https:\/\/www.copaeastur.org\/es\/leche-ecologica\/\">\n\t\t\t\tLeche ecol\u00f3gica de Asturias\t\t\t<\/a>\n\t\t<\/h3>\n\t\t<div class=\"edgtf-blog-slide-post-info\">\n\t\t\t<div class=\"edgtf-post-info-author\">por\t<a itemprop=\"author\" class=\"edgtf-post-info-author-link\" href=\"https:\/\/www.copaeastur.org\/es\/author\/admincopae2019\/\">\n\t\tCOPAE\t<\/a>\n<\/div><div class=\"edgtf-post-info-category\">\n\t<a href=\"https:\/\/www.copaeastur.org\/es\/category\/historias-eco-rurales\/\" rel=\"category tag\">Historias Eco-rurales<\/a><\/div><div itemprop=\"dateCreated\" class=\"edgtf-post-info-date entry-date updated\">\n\t\t\t8 febrero, 2023\t    <meta itemprop=\"interactionCount\" content=\"UserComments: 0\"\/>\n<\/div>\t\t<\/div>\n\t\t\t\t\t<p class=\"edgtf-blog-slide-excerpt\">La leche ecol\u00f3gica es un estandarte de la producci\u00f3n ecol\u00f3gica asturiana con 49 productores certificados (a...<\/p>\n\t\t\t<\/div>\n<\/div><\/div><\/div>[\/vc_column][vc_column width=\u00bb1\/6&#8243;][vc_row_inner][vc_column_inner][vc_column_text]<\/p>\n<h3>Juegos<\/h3>\n<p>&nbsp;<\/p>\n<p>Los peques (y los no tan peques) podr\u00e9is divertiros y aprender muchas m\u00e1s cosas acerca de la Producci\u00f3n Ecol\u00f3gica en Asturias y sobre la Ternera Asturiana de Producci\u00f3n Ecol\u00f3gica con nuestros juegos interactivos.<\/p>\n<p>&nbsp;<\/p>\n<p>Solo ten\u00e9is que pinchar en las im\u00e1genes a continuaci\u00f3n, descargaros el archivo y empezar a jugar.<\/p>\n<p>&nbsp;<\/p>\n<p>\u00a1Que lo disfruteis!<\/p>\n<p>[\/vc_column_text][vc_single_image image=\u00bb18021&#8243; img_size=\u00bb\u00bb onclick=\u00bbcustom_link\u00bb img_link_target=\u00bb_blank\u00bb link=\u00bb\/wp-content\/uploads\/juegos\/JUEGO-ECO-genericoV7.swf\u00bb][vc_column_text]<a href=\"\/wp-content\/uploads\/juegos\/JUEGO-ECO-genericoV7.swf\"><em>Producci\u00f3n Ecol\u00f3gica en Asturias<\/em><\/a>[\/vc_column_text][vc_empty_space][vc_single_image image=\u00bb18024&#8243; img_size=\u00bb\u00bb onclick=\u00bbcustom_link\u00bb img_link_target=\u00bb_blank\u00bb link=\u00bb\/wp-content\/uploads\/juegos\/JUEGO-ECO-terneraV3.swf\u00bb][vc_column_text]<a href=\"\/wp-content\/uploads\/juegos\/JUEGO-ECO-terneraV3.swf\"><em>Ternera Asturiana de Producci\u00f3n Ecol\u00f3gica<\/em><\/a>[\/vc_column_text][\/vc_column_inner][\/vc_row_inner][\/vc_column][\/vc_row][vc_row][vc_column][vc_empty_space height=\u00bb50px\u00bb][vc_column_text]<\/p>\n<h3>I Jornadas de la Producci\u00f3n ecol\u00f3gica de Ribera de Arriba<\/h3>\n<p>[\/vc_column_text]<div class=\"edgtf-accordion-holder clearfix edgtf-toggle edgtf-initial \">\n\t<h4 class=\"clearfix edgtf-title-holder\">\n\t<span class=\"edgtf-accordion-mark edgtf-left-mark\">\n\t\t<span class=\"edgtf-accordion-mark-icon\">\n\t\t\t<span class=\"icon_plus\"><\/span>\n\t\t\t<span class=\"icon_minus-06\"><\/span>\n\t\t<\/span>\n\t<\/span>\n\t<span class=\"edgtf-tab-title\">\n\t\t<span class=\"edgtf-tab-title-inner\">\n\t\t\t\t\t<\/span>\n\t<\/span>\n<\/h4>\n<div class=\"edgtf-accordion-content\">\n\t<div class=\"edgtf-accordion-content-inner\">\n\t\t[vc_column_text]Todas las ponencias de la primera edici\u00f3n de las Jornadas de la producci\u00f3n ecol\u00f3gica de <a href=\"https:\/\/www.ayto-riberadearriba.es\/\" target=\"_blank\" rel=\"noopener\">Ribera de Arriba<\/a>, celebradas en Soto de Ribera del 12 al 16 de junio de 2024. El objetivo de estas primeras jornadas fue fomentar un desarrollo sostenible de las producciones ecol\u00f3gicas y el consumo de estos alimentos a trav\u00e9s de canales cortos.<\/p>\n<p>El evento pretende ser un punto de encuentro anual entre la administraci\u00f3n local y regional, los productores, los consumidores y en general, de todos los actores sociales involucrados de uno u otro modo con la producci\u00f3n ecol\u00f3gica de alimentos.[\/vc_column_text]\t<\/div>\n<\/div><\/div>[vc_empty_space height=\u00bb50px\u00bb][\/vc_column][\/vc_row][vc_row][vc_column width=\u00bb1\/3&#8243;]<div class=\"edgtf-accordion-holder clearfix edgtf-toggle edgtf-initial \">\n\t<h4 class=\"clearfix edgtf-title-holder\">\n\t<span class=\"edgtf-accordion-mark edgtf-left-mark\">\n\t\t<span class=\"edgtf-accordion-mark-icon\">\n\t\t\t<span class=\"icon_plus\"><\/span>\n\t\t\t<span class=\"icon_minus-06\"><\/span>\n\t\t<\/span>\n\t<\/span>\n\t<span class=\"edgtf-tab-title\">\n\t\t<span class=\"edgtf-tab-title-inner\">\n\t\t\tMi\u00e9rcoles 12 de junio (ponencias)\t\t<\/span>\n\t<\/span>\n<\/h4>\n<div class=\"edgtf-accordion-content\">\n\t<div class=\"edgtf-accordion-content-inner\">\n\t\t\n<div class=\"edgtf-video-button\">\n\t<a itemprop=\"image\" class=\"edgtf-video-button-play\" href=\"https:\/\/www.youtube.com\/watch?v=6wKlnf9Dxwk\" data-rel=\"prettyPhoto\" >\n\t\t\t\t\t<span class=\"edgtf-video-button-image\">\n\t\t\t\t<img itemprop=\"image\" src=\"https:\/\/www.copaeastur.org\/wp-content\/uploads\/2024\/06\/Nuevas-especificaciones-tecnicas-de-los-comedores-escolares-del-principado-de-asturias.png\" alt=\"\" \/>\n\t\t\t<\/span>\n\t\t\t\t<span class=\"edgtf-video-button-wrapper\">\n\t\t\t<span class=\"edgtf-video-button-wrapper-inner\" >\n\t\t\t\t<span class=\"fa fa-play\"><\/span>\n\t\t\t<\/span>\n\t\t<\/span>\n\t<\/a>\n\t\t\t<h6 class=\"edgtf-video-button-title\">\n\t\t\tNuevas Especificaciones t\u00e9cnicas para los comedores escolares de Asturias #1\t\t<\/h6>\n\t<\/div>[vc_empty_space]\n<div class=\"edgtf-video-button\">\n\t<a itemprop=\"image\" class=\"edgtf-video-button-play\" href=\"https:\/\/www.youtube.com\/watch?v=yDLVh9MQRsQ\" data-rel=\"prettyPhoto\" >\n\t\t\t\t\t<span class=\"edgtf-video-button-image\">\n\t\t\t\t<img itemprop=\"image\" src=\"https:\/\/www.copaeastur.org\/wp-content\/uploads\/2024\/07\/wret.jpg\" alt=\"\" \/>\n\t\t\t<\/span>\n\t\t\t\t<span class=\"edgtf-video-button-wrapper\">\n\t\t\t<span class=\"edgtf-video-button-wrapper-inner\" >\n\t\t\t\t<span class=\"fa fa-play\"><\/span>\n\t\t\t<\/span>\n\t\t<\/span>\n\t<\/a>\n\t\t\t<h6 class=\"edgtf-video-button-title\">\n\t\t\tRed de huertos escolares ecol\u00f3gicos del principado de Asturias #2\t\t<\/h6>\n\t<\/div>[vc_empty_space]\t<\/div>\n<\/div><\/div>[\/vc_column][vc_column width=\u00bb1\/3&#8243;]<div class=\"edgtf-accordion-holder clearfix edgtf-toggle edgtf-initial \">\n\t<h4 class=\"clearfix edgtf-title-holder\">\n\t<span class=\"edgtf-accordion-mark edgtf-left-mark\">\n\t\t<span class=\"edgtf-accordion-mark-icon\">\n\t\t\t<span class=\"icon_plus\"><\/span>\n\t\t\t<span class=\"icon_minus-06\"><\/span>\n\t\t<\/span>\n\t<\/span>\n\t<span class=\"edgtf-tab-title\">\n\t\t<span class=\"edgtf-tab-title-inner\">\n\t\t\tJueves 13 de junio (ponencias)\t\t<\/span>\n\t<\/span>\n<\/h4>\n<div class=\"edgtf-accordion-content\">\n\t<div class=\"edgtf-accordion-content-inner\">\n\t\t\n<div class=\"edgtf-video-button\">\n\t<a itemprop=\"image\" class=\"edgtf-video-button-play\" href=\"https:\/\/www.youtube.com\/watch?v=Uh7LeHoCzy0\" data-rel=\"prettyPhoto\" >\n\t\t\t\t\t<span class=\"edgtf-video-button-image\">\n\t\t\t\t<img itemprop=\"image\" src=\"https:\/\/www.copaeastur.org\/wp-content\/uploads\/2024\/07\/ytk.jpg\" alt=\"\" \/>\n\t\t\t<\/span>\n\t\t\t\t<span class=\"edgtf-video-button-wrapper\">\n\t\t\t<span class=\"edgtf-video-button-wrapper-inner\" >\n\t\t\t\t<span class=\"fa fa-play\"><\/span>\n\t\t\t<\/span>\n\t\t<\/span>\n\t<\/a>\n\t\t\t<h6 class=\"edgtf-video-button-title\">\n\t\t\tParque Agroecol\u00f3gico de soto del Grillo #3\t\t<\/h6>\n\t<\/div>[vc_empty_space]\n<div class=\"edgtf-video-button\">\n\t<a itemprop=\"image\" class=\"edgtf-video-button-play\" href=\"https:\/\/www.youtube.com\/watch?v=-qyJTE8ULrQ\" data-rel=\"prettyPhoto\" >\n\t\t\t\t\t<span class=\"edgtf-video-button-image\">\n\t\t\t\t<img itemprop=\"image\" src=\"https:\/\/www.copaeastur.org\/wp-content\/uploads\/2024\/08\/Payes-en-el-Parque-Agrario-de-Baix-Llobregat-4.png\" alt=\"\" \/>\n\t\t\t<\/span>\n\t\t\t\t<span class=\"edgtf-video-button-wrapper\">\n\t\t\t<span class=\"edgtf-video-button-wrapper-inner\" >\n\t\t\t\t<span class=\"fa fa-play\"><\/span>\n\t\t\t<\/span>\n\t\t<\/span>\n\t<\/a>\n\t\t\t<h6 class=\"edgtf-video-button-title\">\n\t\t\tPay\u00e9s en el Parque Agrario de Baix Llobregat #4\t\t<\/h6>\n\t<\/div>[vc_empty_space]\n<div class=\"edgtf-video-button\">\n\t<a itemprop=\"image\" class=\"edgtf-video-button-play\" href=\"https:\/\/www.youtube.com\/watch?v=AFKKN8sOxP4\" data-rel=\"prettyPhoto\" >\n\t\t\t\t\t<span class=\"edgtf-video-button-image\">\n\t\t\t\t<img itemprop=\"image\" src=\"https:\/\/www.copaeastur.org\/wp-content\/uploads\/2024\/10\/Experiencias-de-comercializacion-de-productores-eco-asturianos.png\" alt=\"\" \/>\n\t\t\t<\/span>\n\t\t\t\t<span class=\"edgtf-video-button-wrapper\">\n\t\t\t<span class=\"edgtf-video-button-wrapper-inner\" >\n\t\t\t\t<span class=\"fa fa-play\"><\/span>\n\t\t\t<\/span>\n\t\t<\/span>\n\t<\/a>\n\t\t\t<h6 class=\"edgtf-video-button-title\">\n\t\t\tExperiencias de comercializaci\u00f3n de productores eco asturianos: La Fuelga y Mor\u00e1n Berries #5\t\t<\/h6>\n\t<\/div>[vc_empty_space]\t<\/div>\n<\/div><\/div>[\/vc_column][vc_column width=\u00bb1\/3&#8243;]<div class=\"edgtf-accordion-holder clearfix edgtf-toggle edgtf-initial \">\n\t<h4 class=\"clearfix edgtf-title-holder\">\n\t<span class=\"edgtf-accordion-mark edgtf-left-mark\">\n\t\t<span class=\"edgtf-accordion-mark-icon\">\n\t\t\t<span class=\"icon_plus\"><\/span>\n\t\t\t<span class=\"icon_minus-06\"><\/span>\n\t\t<\/span>\n\t<\/span>\n\t<span class=\"edgtf-tab-title\">\n\t\t<span class=\"edgtf-tab-title-inner\">\n\t\t\tViernes 14 de junio (ponencias)\t\t<\/span>\n\t<\/span>\n<\/h4>\n<div class=\"edgtf-accordion-content\">\n\t<div class=\"edgtf-accordion-content-inner\">\n\t\t[vc_empty_space]\t<\/div>\n<\/div><\/div>[\/vc_column][\/vc_row][vc_row][vc_column][vc_empty_space height=\u00bb80px\u00bb][\/vc_column][\/vc_row][vc_row][vc_column width=\u00bb1\/2&#8243;][vc_column_text]<video poster=\"\/wp-content\/uploads\/2019\/07\/generico.jpg\" controls=\"controls\" width=\"100%\" height=\"auto\"><source src=\"\/wp-content\/uploads\/videos\/copae-generico.mp4\" type=\"video\/mp4\" \/><\/video>[\/vc_column_text][vc_empty_space][vc_column_text]<\/p>\n<p style=\"text-align: center;\">\u00abCOPAE, la Producci\u00f3n Ecol\u00f3gica en Asturias\u00bb<\/p>\n<p>[\/vc_column_text][\/vc_column][vc_column width=\u00bb1\/2&#8243;][vc_column_text]<video poster=\"\/wp-content\/uploads\/2019\/07\/ternera.jpg\" controls=\"controls\" width=\"100%\" height=\"auto\"><source src=\"\/wp-content\/uploads\/videos\/copae-ternera-ecologica.mp4\" type=\"video\/mp4\" \/><\/video>[\/vc_column_text][vc_empty_space][vc_column_text]<\/p>\n<p style=\"text-align: center;\">\u00abTernera asturiana de producci\u00f3n ecol\u00f3gica\u00bb<\/p>\n<p>[\/vc_column_text][\/vc_column][\/vc_row][vc_row][vc_column][vc_empty_space height=\u00bb50px\u00bb][vc_column_text]<\/p>\n<h3>Biela y tierra<\/h3>\n<p>[\/vc_column_text]<div class=\"edgtf-accordion-holder clearfix edgtf-toggle edgtf-initial \">\n\t<h4 class=\"clearfix edgtf-title-holder\">\n\t<span class=\"edgtf-accordion-mark edgtf-left-mark\">\n\t\t<span class=\"edgtf-accordion-mark-icon\">\n\t\t\t<span class=\"icon_plus\"><\/span>\n\t\t\t<span class=\"icon_minus-06\"><\/span>\n\t\t<\/span>\n\t<\/span>\n\t<span class=\"edgtf-tab-title\">\n\t\t<span class=\"edgtf-tab-title-inner\">\n\t\t\t\t\t<\/span>\n\t<\/span>\n<\/h4>\n<div class=\"edgtf-accordion-content\">\n\t<div class=\"edgtf-accordion-content-inner\">\n\t\t[vc_column_text]Nuevas narrativas para la soberan\u00eda alimentaria. Este proyecto nacido en 2018 fue un puente para mostrar iniciativas reales de nuestros territorios que son y ser\u00e1n alternativas para afrontar los desaf\u00edos a los que nos enfrentamos como sociedad. Durante sus a\u00f1os de emisi\u00f3n recorri\u00f3 casi 4.000 km en bicicleta, visitado y visibilizado m\u00e1s de 200 iniciativas, realizado alrededor de 100 talleres y charlas de sensibilizaci\u00f3n medioambiental y participado en numerosos proyectos con diversas entidades. Toda la informaci\u00f3n est\u00e1 recogida en su p\u00e1gina web: www.bielaytierra.com[\/vc_column_text]\t<\/div>\n<\/div><\/div>[vc_empty_space height=\u00bb50px\u00bb][\/vc_column][\/vc_row][vc_row][vc_column width=\u00bb1\/3&#8243;]<div class=\"edgtf-accordion-holder clearfix edgtf-toggle edgtf-initial \">\n\t<h4 class=\"clearfix edgtf-title-holder\">\n\t<span class=\"edgtf-accordion-mark edgtf-left-mark\">\n\t\t<span class=\"edgtf-accordion-mark-icon\">\n\t\t\t<span class=\"icon_plus\"><\/span>\n\t\t\t<span class=\"icon_minus-06\"><\/span>\n\t\t<\/span>\n\t<\/span>\n\t<span class=\"edgtf-tab-title\">\n\t\t<span class=\"edgtf-tab-title-inner\">\n\t\t\tEpisodios 1\t\t<\/span>\n\t<\/span>\n<\/h4>\n<div class=\"edgtf-accordion-content\">\n\t<div class=\"edgtf-accordion-content-inner\">\n\t\t\n<div class=\"edgtf-video-button\">\n\t<a itemprop=\"image\" class=\"edgtf-video-button-play\" href=\"https:\/\/youtu.be\/kT0kxQHEHGE\" data-rel=\"prettyPhoto\" >\n\t\t\t\t\t<span class=\"edgtf-video-button-image\">\n\t\t\t\t<img itemprop=\"image\" src=\"https:\/\/www.copaeastur.org\/wp-content\/uploads\/2019\/10\/COPAE-Video-11.jpg\" alt=\"\" \/>\n\t\t\t<\/span>\n\t\t\t\t<span class=\"edgtf-video-button-wrapper\">\n\t\t\t<span class=\"edgtf-video-button-wrapper-inner\" >\n\t\t\t\t<span class=\"fa fa-play\"><\/span>\n\t\t\t<\/span>\n\t\t<\/span>\n\t<\/a>\n\t<\/div>[vc_empty_space]\n<div class=\"edgtf-video-button\">\n\t<a itemprop=\"image\" class=\"edgtf-video-button-play\" href=\"https:\/\/youtu.be\/bkNEFzDRW7A\" data-rel=\"prettyPhoto\" >\n\t\t\t\t\t<span class=\"edgtf-video-button-image\">\n\t\t\t\t<img itemprop=\"image\" src=\"https:\/\/www.copaeastur.org\/wp-content\/uploads\/2019\/08\/COPAE-Video-1.jpg\" alt=\"\" \/>\n\t\t\t<\/span>\n\t\t\t\t<span class=\"edgtf-video-button-wrapper\">\n\t\t\t<span class=\"edgtf-video-button-wrapper-inner\" >\n\t\t\t\t<span class=\"fa fa-play\"><\/span>\n\t\t\t<\/span>\n\t\t<\/span>\n\t<\/a>\n\t<\/div>[vc_empty_space]\n<div class=\"edgtf-video-button\">\n\t<a itemprop=\"image\" class=\"edgtf-video-button-play\" href=\"https:\/\/youtu.be\/yQI_QToU2vQ\" data-rel=\"prettyPhoto\" >\n\t\t\t\t\t<span class=\"edgtf-video-button-image\">\n\t\t\t\t<img itemprop=\"image\" src=\"https:\/\/www.copaeastur.org\/wp-content\/uploads\/2019\/08\/COPAE-Video-2.jpg\" alt=\"\" \/>\n\t\t\t<\/span>\n\t\t\t\t<span class=\"edgtf-video-button-wrapper\">\n\t\t\t<span class=\"edgtf-video-button-wrapper-inner\" >\n\t\t\t\t<span class=\"fa fa-play\"><\/span>\n\t\t\t<\/span>\n\t\t<\/span>\n\t<\/a>\n\t<\/div>[vc_empty_space]\n<div class=\"edgtf-video-button\">\n\t<a itemprop=\"image\" class=\"edgtf-video-button-play\" href=\"https:\/\/youtu.be\/LBFmP8TYJEc\" data-rel=\"prettyPhoto\" >\n\t\t\t\t\t<span class=\"edgtf-video-button-image\">\n\t\t\t\t<img itemprop=\"image\" src=\"https:\/\/www.copaeastur.org\/wp-content\/uploads\/2019\/08\/COPAE-Video-3.jpg\" alt=\"\" \/>\n\t\t\t<\/span>\n\t\t\t\t<span class=\"edgtf-video-button-wrapper\">\n\t\t\t<span class=\"edgtf-video-button-wrapper-inner\" >\n\t\t\t\t<span class=\"fa fa-play\"><\/span>\n\t\t\t<\/span>\n\t\t<\/span>\n\t<\/a>\n\t<\/div>\t<\/div>\n<\/div><\/div>[\/vc_column][vc_column width=\u00bb1\/3&#8243;]<div class=\"edgtf-accordion-holder clearfix edgtf-toggle edgtf-initial \">\n\t<h4 class=\"clearfix edgtf-title-holder\">\n\t<span class=\"edgtf-accordion-mark edgtf-left-mark\">\n\t\t<span class=\"edgtf-accordion-mark-icon\">\n\t\t\t<span class=\"icon_plus\"><\/span>\n\t\t\t<span class=\"icon_minus-06\"><\/span>\n\t\t<\/span>\n\t<\/span>\n\t<span class=\"edgtf-tab-title\">\n\t\t<span class=\"edgtf-tab-title-inner\">\n\t\t\tEpisodios 2\t\t<\/span>\n\t<\/span>\n<\/h4>\n<div class=\"edgtf-accordion-content\">\n\t<div class=\"edgtf-accordion-content-inner\">\n\t\t\n<div class=\"edgtf-video-button\">\n\t<a itemprop=\"image\" class=\"edgtf-video-button-play\" href=\"https:\/\/youtu.be\/GJ9RoWX0iOY\" data-rel=\"prettyPhoto\" >\n\t\t\t\t\t<span class=\"edgtf-video-button-image\">\n\t\t\t\t<img itemprop=\"image\" src=\"https:\/\/www.copaeastur.org\/wp-content\/uploads\/2019\/08\/COPAE-Video-4.jpg\" alt=\"\" \/>\n\t\t\t<\/span>\n\t\t\t\t<span class=\"edgtf-video-button-wrapper\">\n\t\t\t<span class=\"edgtf-video-button-wrapper-inner\" >\n\t\t\t\t<span class=\"fa fa-play\"><\/span>\n\t\t\t<\/span>\n\t\t<\/span>\n\t<\/a>\n\t<\/div>[vc_empty_space]\n<div class=\"edgtf-video-button\">\n\t<a itemprop=\"image\" class=\"edgtf-video-button-play\" href=\"https:\/\/youtu.be\/LWUI0BD71_o\" data-rel=\"prettyPhoto\" >\n\t\t\t\t\t<span class=\"edgtf-video-button-image\">\n\t\t\t\t<img itemprop=\"image\" src=\"https:\/\/www.copaeastur.org\/wp-content\/uploads\/2019\/08\/COPAE-Video-5.jpg\" alt=\"\" \/>\n\t\t\t<\/span>\n\t\t\t\t<span class=\"edgtf-video-button-wrapper\">\n\t\t\t<span class=\"edgtf-video-button-wrapper-inner\" >\n\t\t\t\t<span class=\"fa fa-play\"><\/span>\n\t\t\t<\/span>\n\t\t<\/span>\n\t<\/a>\n\t<\/div>[vc_empty_space]\n<div class=\"edgtf-video-button\">\n\t<a itemprop=\"image\" class=\"edgtf-video-button-play\" href=\"https:\/\/youtu.be\/bGioMhDgAGI\" data-rel=\"prettyPhoto\" >\n\t\t\t\t\t<span class=\"edgtf-video-button-image\">\n\t\t\t\t<img itemprop=\"image\" src=\"https:\/\/www.copaeastur.org\/wp-content\/uploads\/2019\/10\/COPAE-Video-6.jpg\" alt=\"\" \/>\n\t\t\t<\/span>\n\t\t\t\t<span class=\"edgtf-video-button-wrapper\">\n\t\t\t<span class=\"edgtf-video-button-wrapper-inner\" >\n\t\t\t\t<span class=\"fa fa-play\"><\/span>\n\t\t\t<\/span>\n\t\t<\/span>\n\t<\/a>\n\t<\/div>[vc_empty_space]\n<div class=\"edgtf-video-button\">\n\t<a itemprop=\"image\" class=\"edgtf-video-button-play\" href=\"https:\/\/youtu.be\/f4v9yv5_r0Y\" data-rel=\"prettyPhoto\" >\n\t\t\t\t\t<span class=\"edgtf-video-button-image\">\n\t\t\t\t<img itemprop=\"image\" src=\"https:\/\/www.copaeastur.org\/wp-content\/uploads\/2019\/10\/COPAE-Video-7.jpg\" alt=\"\" \/>\n\t\t\t<\/span>\n\t\t\t\t<span class=\"edgtf-video-button-wrapper\">\n\t\t\t<span class=\"edgtf-video-button-wrapper-inner\" >\n\t\t\t\t<span class=\"fa fa-play\"><\/span>\n\t\t\t<\/span>\n\t\t<\/span>\n\t<\/a>\n\t<\/div>\t<\/div>\n<\/div><\/div>[\/vc_column][vc_column width=\u00bb1\/3&#8243;]<div class=\"edgtf-accordion-holder clearfix edgtf-toggle edgtf-initial \">\n\t<h4 class=\"clearfix edgtf-title-holder\">\n\t<span class=\"edgtf-accordion-mark edgtf-left-mark\">\n\t\t<span class=\"edgtf-accordion-mark-icon\">\n\t\t\t<span class=\"icon_plus\"><\/span>\n\t\t\t<span class=\"icon_minus-06\"><\/span>\n\t\t<\/span>\n\t<\/span>\n\t<span class=\"edgtf-tab-title\">\n\t\t<span class=\"edgtf-tab-title-inner\">\n\t\t\tEpisodios 3\t\t<\/span>\n\t<\/span>\n<\/h4>\n<div class=\"edgtf-accordion-content\">\n\t<div class=\"edgtf-accordion-content-inner\">\n\t\t\n<div class=\"edgtf-video-button\">\n\t<a itemprop=\"image\" class=\"edgtf-video-button-play\" href=\"https:\/\/youtu.be\/48wz6qwUAOo\" data-rel=\"prettyPhoto\" >\n\t\t\t\t\t<span class=\"edgtf-video-button-image\">\n\t\t\t\t<img itemprop=\"image\" src=\"https:\/\/www.copaeastur.org\/wp-content\/uploads\/2019\/10\/COPAE-Video-8.jpg\" alt=\"\" \/>\n\t\t\t<\/span>\n\t\t\t\t<span class=\"edgtf-video-button-wrapper\">\n\t\t\t<span class=\"edgtf-video-button-wrapper-inner\" >\n\t\t\t\t<span class=\"fa fa-play\"><\/span>\n\t\t\t<\/span>\n\t\t<\/span>\n\t<\/a>\n\t<\/div>[vc_empty_space]\n<div class=\"edgtf-video-button\">\n\t<a itemprop=\"image\" class=\"edgtf-video-button-play\" href=\"https:\/\/youtu.be\/Bpsx3gYPSa0\" data-rel=\"prettyPhoto\" >\n\t\t\t\t\t<span class=\"edgtf-video-button-image\">\n\t\t\t\t<img itemprop=\"image\" src=\"https:\/\/www.copaeastur.org\/wp-content\/uploads\/2019\/10\/COPAE-Video-9.jpg\" alt=\"\" \/>\n\t\t\t<\/span>\n\t\t\t\t<span class=\"edgtf-video-button-wrapper\">\n\t\t\t<span class=\"edgtf-video-button-wrapper-inner\" >\n\t\t\t\t<span class=\"fa fa-play\"><\/span>\n\t\t\t<\/span>\n\t\t<\/span>\n\t<\/a>\n\t<\/div>[vc_empty_space]\n<div class=\"edgtf-video-button\">\n\t<a itemprop=\"image\" class=\"edgtf-video-button-play\" href=\"https:\/\/youtu.be\/lIbjrQD1fOQ\" data-rel=\"prettyPhoto\" >\n\t\t\t\t\t<span class=\"edgtf-video-button-image\">\n\t\t\t\t<img itemprop=\"image\" src=\"https:\/\/www.copaeastur.org\/wp-content\/uploads\/2019\/10\/COPAE-Video-10.jpg\" alt=\"\" \/>\n\t\t\t<\/span>\n\t\t\t\t<span class=\"edgtf-video-button-wrapper\">\n\t\t\t<span class=\"edgtf-video-button-wrapper-inner\" >\n\t\t\t\t<span class=\"fa fa-play\"><\/span>\n\t\t\t<\/span>\n\t\t<\/span>\n\t<\/a>\n\t<\/div>\t<\/div>\n<\/div><\/div>[\/vc_column][\/vc_row][vc_row][vc_column width=\u00bb1\/3&#8243;][vc_empty_space][\/vc_column][vc_column width=\u00bb1\/3&#8243;][vc_empty_space][\/vc_column][vc_column width=\u00bb1\/3&#8243;][vc_empty_space][\/vc_column][\/vc_row][vc_row][vc_column width=\u00bb1\/3&#8243;][vc_empty_space][\/vc_column][vc_column width=\u00bb1\/3&#8243;][vc_empty_space][\/vc_column][vc_column width=\u00bb1\/3&#8243;][\/vc_column][\/vc_row]<\/p>\n","protected":false},"excerpt":{"rendered":"<p>[vc_row][vc_column][vc_empty_space height=\u00bb70px\u00bb][\/vc_column][\/vc_row][vc_row][vc_column width=\u00bb5\/6&#8243;][vc_column_text] Historias Eco-rurales &nbsp; Detr\u00e1s de cada producto ecol\u00f3gico certificado hay una historia que contar. El esfuerzo de cada una de las personas que las componen es lo que hace posible un modelo agroalimentario diferente, m\u00e1s sostenible, m\u00e1s saludable y m\u00e1s \u00e9tico.[\/vc_column_text][vc_empty_space height=\u00bb70px\u00bb][\/vc_column][vc_column width=\u00bb1\/6&#8243;][vc_row_inner][vc_column_inner][vc_column_text] Juegos &nbsp; Los peques (y los no tan peques)&#8230;<\/p>\n","protected":false},"author":1,"featured_media":0,"parent":0,"menu_order":0,"comment_status":"closed","ping_status":"closed","template":"","meta":[],"_links":{"self":[{"href":"https:\/\/www.copaeastur.org\/es\/wp-json\/wp\/v2\/pages\/17882"}],"collection":[{"href":"https:\/\/www.copaeastur.org\/es\/wp-json\/wp\/v2\/pages"}],"about":[{"href":"https:\/\/www.copaeastur.org\/es\/wp-json\/wp\/v2\/types\/page"}],"author":[{"embeddable":true,"href":"https:\/\/www.copaeastur.org\/es\/wp-json\/wp\/v2\/users\/1"}],"replies":[{"embeddable":true,"href":"https:\/\/www.copaeastur.org\/es\/wp-json\/wp\/v2\/comments?post=17882"}],"version-history":[{"count":62,"href":"https:\/\/www.copaeastur.org\/es\/wp-json\/wp\/v2\/pages\/17882\/revisions"}],"predecessor-version":[{"id":21437,"href":"https:\/\/www.copaeastur.org\/es\/wp-json\/wp\/v2\/pages\/17882\/revisions\/21437"}],"wp:attachment":[{"href":"https:\/\/www.copaeastur.org\/es\/wp-json\/wp\/v2\/media?parent=17882"}],"curies":[{"name":"wp","href":"https:\/\/api.w.org\/{rel}","templated":true}]}}