{"id":17877,"date":"2019-05-23T06:40:54","date_gmt":"2019-05-23T06:40:54","guid":{"rendered":"http:\/\/copae.thinkaweb.com\/?page_id=17877"},"modified":"2020-04-28T12:19:55","modified_gmt":"2020-04-28T12:19:55","slug":"enlaces-de-interes","status":"publish","type":"page","link":"https:\/\/www.copaeastur.org\/es\/enlaces-de-interes\/","title":{"rendered":"Enlaces de inter\u00e9s"},"content":{"rendered":"<p>[vc_row][vc_column][vc_column_text]<\/p>\n<table class=\"contentpaneopen\">\n<tbody>\n<tr>\n<td valign=\"top\">\n<h2>ORGANISMOS Y ASOCIACIONES<\/h2>\n<ul>\n<li><a href=\"http:\/\/ec.europa.eu\/agriculture\/organic\/home_es\">Agricultura Ecol\u00f3gica. P\u00e1gina web de la Comisi\u00f3n Europea <\/a><\/li>\n<li><a href=\"https:\/\/www.mapa.gob.es\/es\/alimentacion\/temas\/produccion-ecologica\/\">Ministerio de Agricultura, Pesca y Alimentaci\u00f3n (Alimentaci\u00f3n\/Agricultura Ecol\u00f3gica)<\/a><\/li>\n<li><a title=\"Principado de Asturias\" href=\"http:\/\/www.asturias.es\/portal\/site\/webasturias\/menuitem.f6d8fb00dc819a6bd9db8433f2300030\/?vgnextoid=854344faf08ad210VgnVCM1000002f030003RCRD&amp;vgnextchannel=dad56fc85c97d210VgnVCM1000002f030003RCRD&amp;i18n.http.lang=es\" target=\"_blank\" rel=\"noopener noreferrer\">Principado de Asturias (Agricultura y montes)<\/a><\/li>\n<li><a href=\"https:\/\/www.educastur.es\/-\/comedores-escolar-1\">Programa de Alimentaci\u00f3n Saludable y Producci\u00f3n Ecol\u00f3gica en los Comedores Escolares<\/a><\/li>\n<li><a href=\"http:\/\/www.serida.org\" target=\"_blank\" rel=\"noopener noreferrer\">SERIDA. Servicio Regional de investigaci\u00f3n y Desarrollo Agroalimentario <\/a><\/li>\n<li><a href=\"http:\/\/www.interecoweb.com\/\" target=\"_blank\" rel=\"noopener noreferrer\">INTERECO. Asociaci\u00f3n de organismos p\u00fablicos de control y certificaci\u00f3n <\/a><\/li>\n<li><a href=\"http:\/\/www.agroecologia.net\" target=\"_blank\" rel=\"noopener noreferrer\">SEAE. Sociedad Espa\u00f1ola de Agricultura Ecol\u00f3gica <\/a><\/li>\n<li><a href=\"http:\/\/www.terneraasturiana.org\/presentacion.html\" target=\"_blank\" rel=\"noopener noreferrer\">Consejo Regulador\u00a0 de la IGP \u00abTernera Asturiana\u00bb<br \/>\n<\/a><\/li>\n<\/ul>\n<p>OTROS ENLACES DE INTER\u00c9S<\/p>\n<ul>\n<li><a href=\"http:\/\/sigpac.mapa.es\/fega\/visor\" target=\"_blank\" rel=\"noopener noreferrer\">Sistema de Informaci\u00f3n geogr\u00e1fica de parcelas agr\u00edcolas <\/a><\/li>\n<li><a href=\"http:\/\/www.catastro.meh.es\/\" target=\"_blank\" rel=\"noopener noreferrer\">Oficina virtual de catastro <\/a><\/li>\n<li><a href=\"http:\/\/www.goolzoom.com\" target=\"_blank\" rel=\"noopener noreferrer\">Google Maps + Catastro + Sigpac <\/a><\/li>\n<li><a title=\"Consulta semillas\" href=\"http:\/\/www.magrama.gob.es\/app\/EcoSem\/consultasemillas.aspx\" target=\"_blank\" rel=\"noopener noreferrer\">Consulta de semillas de producci\u00f3n ecol\u00f3gica<\/a><\/li>\n<li><a href=\"http:\/\/www.lafertilidaddelatierra.com\" target=\"_blank\" rel=\"noopener noreferrer\">La Fertilidad de la Tierra. Revista de Agricultura Ecol\u00f3gica <\/a><\/li>\n<li><a href=\"http:\/\/www.vidasana.org\" target=\"_blank\" rel=\"noopener noreferrer\">Asociaci\u00f3n Vida Sana <\/a><\/li>\n<\/ul>\n<\/td>\n<\/tr>\n<\/tbody>\n<\/table>\n<p><span class=\"article_separator\">\u00a0<\/span>[\/vc_column_text][\/vc_column][\/vc_row]<\/p>\n","protected":false},"excerpt":{"rendered":"<p>[vc_row][vc_column][vc_column_text] ORGANISMOS Y ASOCIACIONES Agricultura Ecol\u00f3gica. P\u00e1gina web de la Comisi\u00f3n Europea Ministerio de Agricultura, Pesca y Alimentaci\u00f3n (Alimentaci\u00f3n\/Agricultura Ecol\u00f3gica) Principado de Asturias (Agricultura y montes) Programa de Alimentaci\u00f3n Saludable y Producci\u00f3n Ecol\u00f3gica en los Comedores Escolares SERIDA. Servicio Regional de investigaci\u00f3n y Desarrollo Agroalimentario INTERECO. Asociaci\u00f3n de organismos p\u00fablicos de control y certificaci\u00f3n SEAE&#8230;.<\/p>\n","protected":false},"author":1,"featured_media":0,"parent":0,"menu_order":0,"comment_status":"closed","ping_status":"closed","template":"","meta":[],"_links":{"self":[{"href":"https:\/\/www.copaeastur.org\/es\/wp-json\/wp\/v2\/pages\/17877"}],"collection":[{"href":"https:\/\/www.copaeastur.org\/es\/wp-json\/wp\/v2\/pages"}],"about":[{"href":"https:\/\/www.copaeastur.org\/es\/wp-json\/wp\/v2\/types\/page"}],"author":[{"embeddable":true,"href":"https:\/\/www.copaeastur.org\/es\/wp-json\/wp\/v2\/users\/1"}],"replies":[{"embeddable":true,"href":"https:\/\/www.copaeastur.org\/es\/wp-json\/wp\/v2\/comments?post=17877"}],"version-history":[{"count":4,"href":"https:\/\/www.copaeastur.org\/es\/wp-json\/wp\/v2\/pages\/17877\/revisions"}],"predecessor-version":[{"id":18933,"href":"https:\/\/www.copaeastur.org\/es\/wp-json\/wp\/v2\/pages\/17877\/revisions\/18933"}],"wp:attachment":[{"href":"https:\/\/www.copaeastur.org\/es\/wp-json\/wp\/v2\/media?parent=17877"}],"curies":[{"name":"wp","href":"https:\/\/api.w.org\/{rel}","templated":true}]}}